{"id":733,"date":"2020-04-18T10:20:29","date_gmt":"2020-04-18T13:20:29","guid":{"rendered":"http:\/\/checkupoftalmologia.com.br\/wp\/?page_id=645"},"modified":"2020-04-18T10:20:29","modified_gmt":"2020-04-18T13:20:29","slug":"curso-de-capacitacao-em-deficiencia-visual","status":"publish","type":"page","link":"https:\/\/draodiliaoftalmo.com.br\/index.php\/curso-de-capacitacao-em-deficiencia-visual\/","title":{"rendered":"Pandemia &#038; Capacita\u00e7\u00e3o em defici\u00eancia visual"},"content":{"rendered":"\n<figure class=\"wp-block-image size-large\"><img loading=\"lazy\" decoding=\"async\" width=\"432\" height=\"471\" src=\"https:\/\/draodiliaoftalmo.com.br\/wp-content\/uploads\/2020\/04\/unoeste.jpg\" alt=\"\" class=\"wp-image-648\" srcset=\"https:\/\/draodiliaoftalmo.com.br\/wp-content\/uploads\/2020\/04\/unoeste.jpg 432w, https:\/\/draodiliaoftalmo.com.br\/wp-content\/uploads\/2020\/04\/unoeste-275x300.jpg 275w\" sizes=\"auto, (max-width: 432px) 100vw, 432px\" \/><\/figure>\n\n\n\n<p>Em tempos de protagonismo da Covid-19 e recomenda\u00e7\u00f5es sobre cuidados com higiene f\u00edsica e distanciamento social, n\u00e3o deixe de praticar a higiene mental.<\/p>\n\n\n\n<p>Evite conflitos que s\u00e3o causados pela abordagem de temas pol\u00eamicos.<\/p>\n\n\n\n<p>Procure compartilhar mensagens positivas.<\/p>\n\n\n\n<p>Tenha atitudes de empatia, amor, solidariedade, esperan\u00e7a e gratid\u00e3o.<\/p>\n\n\n\n<p>Mantenha-se produtivo e busque desfrutar de atividades prazerosas: ora\u00e7\u00f5es, medita\u00e7\u00f5es, m\u00fasicas, filmes, livros, cursos.<\/p>\n\n\n\n<p>Enfim, como diz brilhantemente Augusto Cury&nbsp;<a href=\"https:\/\/www.instagram.com\/augustocury\/\">@augustocury<\/a>, seja autor da sua pr\u00f3pria hist\u00f3ria.<\/p>\n\n\n\n<p>Lembre-se que, motivando o pr\u00f3ximo, como faz Dra Od\u00edlia que sempre participa de cursos sobre inclus\u00e3o do deficiente visual, voc\u00ea estar\u00e1 contribuindo para um cap\u00edtulo positivo na hist\u00f3ria de algu\u00e9m.<\/p>\n\n\n\n<p>Para saber um pouco mais acerca do Curso de Conceitos B\u00e1sicos sobre a Pessoa com Defici\u00eancia Visual, bem como conhecer a hist\u00f3ria da nossa competente e dedicada oftalmologista, <a href=\"http:\/\/www.unoeste.br\/Noticias\/2020\/4\/cursos-livres-online-obtem-expressiva-aceitacao-no-brasil\" target=\"_blank\" rel=\"noreferrer noopener\" aria-label=\"clique aqui (abre numa nova aba)\">clique aqui<\/a>.<\/p>\n\n\n\n<p><a href=\"https:\/\/www.instagram.com\/explore\/tags\/sa%C3%BAde\/\">#sa\u00fade<\/a><a href=\"https:\/\/www.instagram.com\/explore\/tags\/sa%C3%BAdeocular\/\">#sa\u00fadeocular<\/a><a href=\"https:\/\/www.instagram.com\/explore\/tags\/olhos\/\">#olhos<\/a><a href=\"https:\/\/www.instagram.com\/explore\/tags\/vis%C3%A3o\/\">#vis\u00e3o<\/a><a href=\"https:\/\/www.instagram.com\/explore\/tags\/oftalmologia\/\">#oftalmologia<\/a><a href=\"https:\/\/www.instagram.com\/explore\/tags\/checkupoftalmologia\/\">#checkupoftalmologia<\/a><a href=\"https:\/\/www.instagram.com\/explore\/tags\/distanciamentosocial\/\">#distanciamentosocial<\/a><a href=\"https:\/\/www.instagram.com\/explore\/tags\/coronavirus\/\">#coronavirus<\/a><a href=\"https:\/\/www.instagram.com\/explore\/tags\/covid19\/\">#covid19<\/a><a href=\"https:\/\/www.instagram.com\/explore\/tags\/fiqueemcasa\/\">#fiqueemcasa<\/a><a href=\"https:\/\/www.instagram.com\/explore\/tags\/tudopassa\/\">#tudopassa<\/a><a href=\"https:\/\/www.instagram.com\/explore\/tags\/unoeste\/\">#unoeste<\/a><a href=\"https:\/\/www.instagram.com\/unoeste\/\"> <\/a><a href=\"https:\/\/www.instagram.com\/unoeste\/\">@unoeste<\/a><\/p>\n","protected":false},"excerpt":{"rendered":"<p>Em tempos de protagonismo da Covid-19 e recomenda\u00e7\u00f5es sobre cuidados com higiene f\u00edsica e distanciamento social, n\u00e3o deixe de praticar a higiene mental. Evite conflitos que s\u00e3o causados pela abordagem de temas pol\u00eamicos. Procure compartilhar mensagens positivas. Tenha atitudes de empatia, amor, solidariedade, esperan\u00e7a e gratid\u00e3o. Mantenha-se produtivo e busque desfrutar de atividades prazerosas: ora\u00e7\u00f5es, <a class=\"more-link\" href=\"https:\/\/draodiliaoftalmo.com.br\/index.php\/curso-de-capacitacao-em-deficiencia-visual\/\">Leia mais&#8230; &raquo;<\/a><\/p>\n","protected":false},"author":2,"featured_media":0,"parent":0,"menu_order":0,"comment_status":"closed","ping_status":"closed","template":"","meta":{"footnotes":""},"class_list":["post-733","page","type-page","status-publish","hentry"],"_links":{"self":[{"href":"https:\/\/draodiliaoftalmo.com.br\/index.php\/wp-json\/wp\/v2\/pages\/733","targetHints":{"allow":["GET"]}}],"collection":[{"href":"https:\/\/draodiliaoftalmo.com.br\/index.php\/wp-json\/wp\/v2\/pages"}],"about":[{"href":"https:\/\/draodiliaoftalmo.com.br\/index.php\/wp-json\/wp\/v2\/types\/page"}],"author":[{"embeddable":true,"href":"https:\/\/draodiliaoftalmo.com.br\/index.php\/wp-json\/wp\/v2\/users\/2"}],"replies":[{"embeddable":true,"href":"https:\/\/draodiliaoftalmo.com.br\/index.php\/wp-json\/wp\/v2\/comments?post=733"}],"version-history":[{"count":0,"href":"https:\/\/draodiliaoftalmo.com.br\/index.php\/wp-json\/wp\/v2\/pages\/733\/revisions"}],"wp:attachment":[{"href":"https:\/\/draodiliaoftalmo.com.br\/index.php\/wp-json\/wp\/v2\/media?parent=733"}],"curies":[{"name":"wp","href":"https:\/\/api.w.org\/{rel}","templated":true}]}}