{"id":641,"date":"2017-05-22T18:23:41","date_gmt":"2017-05-22T18:23:41","guid":{"rendered":"http:\/\/checkupoftalmologia.com.br\/wp\/?page_id=2"},"modified":"2025-11-07T09:57:25","modified_gmt":"2025-11-07T12:57:25","slug":"about","status":"publish","type":"page","link":"https:\/\/draodiliaoftalmo.com.br\/index.php\/about\/","title":{"rendered":"Sobre"},"content":{"rendered":"<div id=\"wb_element_instance0\" class=\"wb_element\">\n<div id=\"attachment_612\" style=\"width: 591px\" class=\"wp-caption alignnone\"><img loading=\"lazy\" decoding=\"async\" aria-describedby=\"caption-attachment-612\" class=\"wp-image-612 size-full\" title=\"Dra Odilia Navarro\" src=\"https:\/\/draodiliaoftalmo.com.br\/wp-content\/uploads\/2019\/08\/Odilia.jpeg\" alt=\"Dra Odilia Navarro\" width=\"581\" height=\"610\" srcset=\"https:\/\/draodiliaoftalmo.com.br\/wp-content\/uploads\/2019\/08\/Odilia.jpeg 581w, https:\/\/draodiliaoftalmo.com.br\/wp-content\/uploads\/2019\/08\/Odilia-286x300.jpeg 286w\" sizes=\"auto, (max-width: 581px) 100vw, 581px\" \/><p id=\"caption-attachment-612\" class=\"wp-caption-text\">Dra Odilia Navarro<\/p><\/div><\/p>\n<p>Dra. Maria Od\u00edlia Navarro M. Viana \u00e9 natural de Belo Horizonte-MG,\u00a0 advogada\/OAB-PB 11.258 e m\u00e9dica\/CRM-PB 8.366, \u00a0especializada em Oftalmologia, com registro do t\u00edtulo de especialista, RQE n\u00ba 4838 e com P\u00f3s-gradua\u00e7\u00e3o <em>lato sensu<\/em> em Psiquiatria. Est\u00e1 associada: \u00e0 Sociedade Paraibana de Oftalmologia (SPO), Sociedade Norte-Nordeste de Oftalmologia (SNNO), Sociedade Brasileira de Lentes de Contato, C\u00f3rnea e Refratometria (SOBLEC) e ao Conselho Brasileiro de Oftalmologia (CBO).<\/p>\n<p>A Dra. Od\u00edlia vem se atualizando constantemente na Oftalmologia, podendo-se elencar alguns congressos e cursos importantes:<\/p>\n<ul>\n<li><strong>XXXV Congresso Brasileiro de Oftalmologia<\/strong>, realizado em Belo Horizonte, no per\u00edodo de 24 a 27 de agosto de 2009;<\/li>\n<li><strong>Simp\u00f3sio de Sa\u00fade Feminina,<\/strong> realizado em Jo\u00e3o Pessoa, no dia 19 de maio de 2011;<\/li>\n<li><strong>Simp\u00f3sio de Sa\u00fade do Idoso<\/strong>, realizado em Jo\u00e3o Pessoa, nos dias 29 e 30 de agosto de 2011;<\/li>\n<li><strong>XXXVII Congresso Brasileiro de Oftalmologia<\/strong>, realizado no Rio de Janeiro, no per\u00edodo de 07 a 10 de agosto de 2013;<\/li>\n<li><strong>XXX Congresso Panamericano de Oftalmologia<\/strong>, realizado no Rio de Janeiro, no per\u00edodo de \u00a007 a 10 de agosto de 2013;<\/li>\n<li><strong>Workshop de Imers\u00e3o em Lentes de Contato Gelatinosas Descart\u00e1veis<\/strong>, realizado em S\u00e3o Paulo, no per\u00edodo de 26 e 27 de Maio de 2014;<\/li>\n<li><strong>XXI Congresso Brasileiro de Preven\u00e7\u00e3o de Cegueira e Reabilita\u00e7\u00e3o Visual<\/strong>, realizado em Recife, no per\u00edodo de 03 a 06 de setembro de 2014;<\/li>\n<li><strong>XXI Congresso Norte-Nordeste de Oftalmologia<\/strong>, realizado em Natal, no per\u00edodo de 26 a 28 de mar\u00e7o de 2015;<\/li>\n<li><strong>19\u00ba Curso de Lentes de Contato Dr. Cleber Godinho<\/strong>, realizado em Belo Horizonte, no per\u00edodo de 09 a 14 de outubro de 2015;<\/li>\n<li><strong>XXIII Congresso Norte-Nordeste de Oftalmologia<\/strong>, realizado em Jo\u00e3o Pessoa, no per\u00edodo de 16 a 18 de mar\u00e7o de 2017;<\/li>\n<li><strong>Curso de atualiza\u00e7\u00e3o em Glaucoma cl\u00ednico e cir\u00fargico<\/strong>, realizado em Natal, no dia 29 de abril de 2017;<\/li>\n<li><strong>Curso de aplica\u00e7\u00e3o pr\u00e1tica do OCT<\/strong>, realizado em Jo\u00e3o Pessoa, no dia 20 de maio de 2017.<\/li>\n<li><strong>XXV Congresso Norte-Nordeste de Oftalmologia<\/strong>, realizado em Natal-RN, no per\u00edodo de 28 a 30 de mar\u00e7o de 2019;<\/li>\n<li><strong>Atualiza\u00e7\u00e3o em Avalia\u00e7\u00e3o inicial de c\u00f3rneas irregulares e ceratocone<\/strong>. Sociedade Brasileira de Lentes de Contato, C\u00f3rnea e Refratometria, SOBLEC, no dia 15\/04\/2020.<\/li>\n<li><strong>Olho Seco Atualiza\u00e7\u00e3o do TFOS DEWS II<\/strong>. Sociedade Brasileira de Lentes de Contato, C\u00f3rnea e Refratometria, SOBLEC, no dia 23\/04\/2020.<\/li>\n<li><strong>Curso de extens\u00e3o Universit\u00e1ria em INCLUS\u00c3O: CONCEITOS B\u00c1SICOS SOBRE A PESSOA COM DEFICI\u00caNCIA VISUAL<\/strong>, pela Universidade do Oeste Paulista &#8211; Unoeste, realizado no per\u00edodo de 30\/03\/2020 a 28\/04\/2020, com carga hor\u00e1ria de 40 horas.<\/li>\n<li><strong>Sistema L\u00edmbico e o Entendimento das Emo\u00e7\u00f5es<\/strong>. Sociedade Brasileira de Lentes de Contato, C\u00f3rnea e Refratometria, SOBLEC, no dia 29\/04\/2020.<\/li>\n<li><strong>Curso de C\u00f3rnea. Sociedade Brasileira de Lentes de Contato, C\u00f3rnea e Refratometria<\/strong>, SOBLEC, realizado no per\u00edodo de 31\/03\/2020 a 25\/05\/2020.<\/li>\n<li><strong>Curso On-Line da Oftalmologia USP &#8211; Simplificando o Diagn\u00f3stico e Tratamento de Glaucoma<\/strong>. Universidade de S\u00e3o Paulo, USP. Realizado no per\u00edodo de 05\/05\/2020 a 13\/05\/2020.<\/li>\n<li><strong>3\u00ba Temporada Lentes de Contato SOBLEC. <\/strong>Sociedade Brasileira de Lentes de Contato, C\u00f3rnea e Refratometria, no dia 31\/05\/2020.<\/li>\n<li>Capacita\u00e7\u00e3o nos <strong>PROTOCOLOS DE MANEJO CL\u00cdNICO DO CORONAV\u00cdRUS (COVID-19). <\/strong>Minist\u00e9rio da Sa\u00fade. 05\/2020.<\/li>\n<li><strong>Recebendo pacientes na era da COVID-19: Consult\u00f3rio e Cl\u00ednica.<\/strong> Sociedade Brasileira de Lentes de Contato, C\u00f3rnea e Refratometria, no dia 17\/06\/2020.<\/li>\n<li><strong>FORMA\u00c7\u00c3O PARA A DOC\u00caNCIA VIRTUAL<\/strong>. UERN. Realizado no per\u00edodo de 11\/05\/2020 a 05\/06\/2020, com carga hor\u00e1ria de 40 horas.<\/li>\n<li><strong>Ortoceratologia de A a Z<\/strong>. Sociedade Brasileira de Lentes de Contato, C\u00f3rnea e Refratometria, no dia 27\/06\/2020.<\/li>\n<\/ul>\n<\/div>\n<p><!--more--><\/p>\n\n\n<a id=\"zl-url\" class=\"zl-url\" href=\"https:\/\/www.doctoralia.com.br\/maria-odilia-navarro-m-viana\/oftalmologista\/joao-pessoa\" rel=\"nofollow\" data-zlw-doctor=\"maria-odilia-navarro-m-viana\" data-zlw-type=\"button_calendar_floating_medium\" data-zlw-opinion=\"false\" data-zlw-hide-branding=\"true\" data-zlw-saas-only=\"false\" data-zlw-a11y-title=\"Widget de marca\u00e7\u00e3o de consultas m\u00e9dicas\">Maria Od\u00edlia Navarro M. Viana . &#8211; Doctoralia.com.br<\/a><script>!function($_x,_s,id){var js,fjs=$_x.getElementsByTagName(_s)[0];if(!$_x.getElementById(id)){js = $_x.createElement(_s);js.id = id;js.src = \"\/\/platform.docplanner.com\/js\/widget.js\";fjs.parentNode.insertBefore(js,fjs);}}(document,\"script\",\"zl-widget-s\");<\/script>\n\n\n\n<p><\/p>\n","protected":false},"excerpt":{"rendered":"<p>Dra. Maria Od\u00edlia Navarro M. Viana \u00e9 natural de Belo Horizonte-MG,\u00a0 advogada\/OAB-PB 11.258 e m\u00e9dica\/CRM-PB 8.366, \u00a0especializada em Oftalmologia, com registro do t\u00edtulo de especialista, RQE n\u00ba 4838 e com P\u00f3s-gradua\u00e7\u00e3o lato sensu em Psiquiatria. Est\u00e1 associada: \u00e0 Sociedade Paraibana de Oftalmologia (SPO), Sociedade Norte-Nordeste de Oftalmologia (SNNO), Sociedade Brasileira de Lentes de Contato, C\u00f3rnea <a class=\"more-link\" href=\"https:\/\/draodiliaoftalmo.com.br\/index.php\/about\/\">Leia mais&#8230; &raquo;<\/a><\/p>\n","protected":false},"author":2,"featured_media":0,"parent":0,"menu_order":0,"comment_status":"closed","ping_status":"closed","template":"","meta":{"footnotes":""},"class_list":["post-641","page","type-page","status-publish","hentry"],"_links":{"self":[{"href":"https:\/\/draodiliaoftalmo.com.br\/index.php\/wp-json\/wp\/v2\/pages\/641","targetHints":{"allow":["GET"]}}],"collection":[{"href":"https:\/\/draodiliaoftalmo.com.br\/index.php\/wp-json\/wp\/v2\/pages"}],"about":[{"href":"https:\/\/draodiliaoftalmo.com.br\/index.php\/wp-json\/wp\/v2\/types\/page"}],"author":[{"embeddable":true,"href":"https:\/\/draodiliaoftalmo.com.br\/index.php\/wp-json\/wp\/v2\/users\/2"}],"replies":[{"embeddable":true,"href":"https:\/\/draodiliaoftalmo.com.br\/index.php\/wp-json\/wp\/v2\/comments?post=641"}],"version-history":[{"count":3,"href":"https:\/\/draodiliaoftalmo.com.br\/index.php\/wp-json\/wp\/v2\/pages\/641\/revisions"}],"predecessor-version":[{"id":1000,"href":"https:\/\/draodiliaoftalmo.com.br\/index.php\/wp-json\/wp\/v2\/pages\/641\/revisions\/1000"}],"wp:attachment":[{"href":"https:\/\/draodiliaoftalmo.com.br\/index.php\/wp-json\/wp\/v2\/media?parent=641"}],"curies":[{"name":"wp","href":"https:\/\/api.w.org\/{rel}","templated":true}]}}