{"id":450,"date":"2019-01-25T08:53:00","date_gmt":"2019-01-25T11:53:00","guid":{"rendered":"http:\/\/checkupoftalmologia.com.br\/wp\/?page_id=450"},"modified":"2019-01-25T08:53:00","modified_gmt":"2019-01-25T11:53:00","slug":"catarata","status":"publish","type":"page","link":"https:\/\/draodiliaoftalmo.com.br\/index.php\/catarata\/","title":{"rendered":"Catarata"},"content":{"rendered":"\n<figure class=\"wp-block-gallery columns-1 is-cropped wp-block-gallery-1 is-layout-flex wp-block-gallery-is-layout-flex\"><ul class=\"blocks-gallery-grid\"><li class=\"blocks-gallery-item\"><figure><img loading=\"lazy\" decoding=\"async\" width=\"405\" height=\"405\" src=\"http:\/\/checkupoftalmologia.com.br\/wp\/wp-content\/uploads\/2020\/04\/Instagram_Check-UP-1.png\" alt=\"\" data-id=\"624\" data-link=\"http:\/\/checkupoftalmologia.com.br\/wp\/catarata\/attachment\/instagram_check-up-1\/#main\" class=\"wp-image-624\" srcset=\"https:\/\/draodiliaoftalmo.com.br\/wp-content\/uploads\/2020\/04\/Instagram_Check-UP-1.png 405w, https:\/\/draodiliaoftalmo.com.br\/wp-content\/uploads\/2020\/04\/Instagram_Check-UP-1-300x300.png 300w, https:\/\/draodiliaoftalmo.com.br\/wp-content\/uploads\/2020\/04\/Instagram_Check-UP-1-150x150.png 150w\" sizes=\"auto, (max-width: 405px) 100vw, 405px\" \/><\/figure><\/li><\/ul><\/figure>\n\n\n\n<p class=\"wp-block-paragraph\"> A catarata \u00e9 a principal  causa de cegueira revers\u00edvel no mundo, podendo ser corrigida atrav\u00e9s de  uma cirurgia simples chamada facectomia.<\/p>\n\n\n\n<p class=\"wp-block-paragraph\">Ocorre principalmente ap\u00f3s  os 50 anos, quando h\u00e1 perda progressiva da transpar\u00eancia do cristalino  (lente natural do olho), sendo o principal sintoma o emba\u00e7amento visual.<\/p>\n\n\n\n<p class=\"wp-block-paragraph\">A  catarata pode ser adquirida, n\u00e3o s\u00f3 em decorr\u00eancia do envelhecimento,  mas tamb\u00e9m, ap\u00f3s trauma ocular ou uso cr\u00f4nico de drogas, como  cortic\u00f3ides.<\/p>\n\n\n\n<p class=\"wp-block-paragraph\">Algumas medidas importantes s\u00e3o: controlar o diabetes e o  fumo que s\u00e3o causas secund\u00e1rias da catarata; ter uma dieta rica em  antioxidantes pode adiar o surgimento da catarata; proteger-se da  radia\u00e7\u00e3o solar atrav\u00e9s de \u00f3culos escuros com prote\u00e7\u00e3o ultravioleta.<\/p>\n\n\n\n<p class=\"wp-block-paragraph\"><a href=\"https:\/\/www.instagram.com\/explore\/tags\/sa\u00fade\/\">#sa\u00fade<\/a><a href=\"https:\/\/www.instagram.com\/explore\/tags\/sa\u00fadeocular\/\">#sa\u00fadeocular<\/a><a href=\"https:\/\/www.instagram.com\/explore\/tags\/olhos\/\">#olhos<\/a><a href=\"https:\/\/www.instagram.com\/explore\/tags\/vis\u00e3o\/\">#vis\u00e3o<\/a><a href=\"https:\/\/www.instagram.com\/explore\/tags\/oftalmologia\/\">#oftalmologia<\/a><a href=\"https:\/\/www.instagram.com\/explore\/tags\/checkupoftalmologia\/\">#checkupoftalmologia<\/a><\/p>\n","protected":false},"excerpt":{"rendered":"<p>A catarata \u00e9 a principal causa de cegueira revers\u00edvel no mundo, podendo ser corrigida atrav\u00e9s de uma cirurgia simples chamada facectomia. Ocorre principalmente ap\u00f3s os 50 anos, quando h\u00e1 perda progressiva da transpar\u00eancia do cristalino (lente natural do olho), sendo o principal sintoma o emba\u00e7amento visual. A catarata pode ser adquirida, n\u00e3o s\u00f3 em decorr\u00eancia <a class=\"more-link\" href=\"https:\/\/draodiliaoftalmo.com.br\/index.php\/catarata\/\">Leia mais&#8230; &raquo;<\/a><\/p>\n","protected":false},"author":2,"featured_media":0,"parent":0,"menu_order":0,"comment_status":"closed","ping_status":"closed","template":"","meta":{"footnotes":""},"class_list":["post-450","page","type-page","status-publish","hentry"],"_links":{"self":[{"href":"https:\/\/draodiliaoftalmo.com.br\/index.php\/wp-json\/wp\/v2\/pages\/450","targetHints":{"allow":["GET"]}}],"collection":[{"href":"https:\/\/draodiliaoftalmo.com.br\/index.php\/wp-json\/wp\/v2\/pages"}],"about":[{"href":"https:\/\/draodiliaoftalmo.com.br\/index.php\/wp-json\/wp\/v2\/types\/page"}],"author":[{"embeddable":true,"href":"https:\/\/draodiliaoftalmo.com.br\/index.php\/wp-json\/wp\/v2\/users\/2"}],"replies":[{"embeddable":true,"href":"https:\/\/draodiliaoftalmo.com.br\/index.php\/wp-json\/wp\/v2\/comments?post=450"}],"version-history":[{"count":0,"href":"https:\/\/draodiliaoftalmo.com.br\/index.php\/wp-json\/wp\/v2\/pages\/450\/revisions"}],"wp:attachment":[{"href":"https:\/\/draodiliaoftalmo.com.br\/index.php\/wp-json\/wp\/v2\/media?parent=450"}],"curies":[{"name":"wp","href":"https:\/\/api.w.org\/{rel}","templated":true}]}}